{"id":3108,"date":"2025-12-01T11:31:20","date_gmt":"2025-12-01T10:31:20","guid":{"rendered":"https:\/\/shop.biomteam.com\/?post_type=product&#038;p=3108"},"modified":"2026-03-24T15:12:00","modified_gmt":"2026-03-24T14:12:00","slug":"sgt-szeklet-genomikai-teszt-allapotfelmeres-ajandek-konyv-500-gramm-zoldseg-mindennap-valtozatosan","status":"publish","type":"product","link":"https:\/\/shop.biomteam.com\/en\/product\/sgt-szeklet-genomikai-teszt-allapotfelmeres-ajandek-konyv-500-gramm-zoldseg-mindennap-valtozatosan\/","title":{"rendered":"SGT \u2013 Sz\u00e9klet Genomikai Teszt &#038; \u00c1llapotfelm\u00e9r\u00e9s + aj\u00e1nd\u00e9k k\u00f6nyv: \u201e500 gramm z\u00f6lds\u00e9g mindennap, v\u00e1ltozatosan\u201d"},"content":{"rendered":"<div style=\"border: 1px solid #7e9192; border-radius: 12px; text-align: center; displax: flex; padding: 0rem; color: white!important; overflow: hidden;\">\n<h2 style=\"color: #000; padding: 2rem; margin: 0; padding-bottom: 0;\"><strong>M\u00e9g nem volt \u00e1llapotfelm\u00e9r\u00e9se a BiomTeam-n\u00e9l?<\/strong><\/h2>\n<div style=\"display: flex; flex-direction: column;\">\n<h4 style=\"color: #7e9192; padding: 2rem; margin: 0;\">V\u00e1lassza az \u00e1llapotfelm\u00e9r\u00e9s + SGT <b>akci\u00f3s csomagunkat<\/b> (<s>195.900 Ft<\/s> helyett <b>189.900 Ft<\/b>-\u00e9rt), \u00e9s \u00d6n\u00e9 az aj\u00e1nd\u00e9k dedik\u00e1lt k\u00f6nyv <b>d\u00edjmentesen!<\/b><\/h4>\n<h4 style=\"color: #536663; padding: 1.5rem; background: #fff; margin: 0; padding-top: 0; font-size: 1.25rem;\">Ne maradjon le err\u0151l az egyed\u00fcl\u00e1ll\u00f3 lehet\u0151s\u00e9gr\u0151l!<\/h4>\n<p><a style=\"background-color: #7e9192; border-radius: 5px; color: white; font-weight: 500; padding: 8px 16px; font-size: 14px;\" href=\"https:\/\/shop.biomteam.com\/termek\/1-karacsonyi-ajanlatunk\/\">M\u00e1r volt \u00e1llapotfelm\u00e9r\u00e9se? Kattintson ide.<\/a><\/p>\n<\/div>\n<\/div>\n<div style=\"text-align: center; padding: 10px 0 3rem; color: #343434;\">Az aj\u00e1nlat <strong>a k\u00e9szlet erej\u00e9ig<\/strong> \u00e9rv\u00e9nyes \u00e9s m\u00e1s akci\u00f3kkal nem \u00f6sszevonhat\u00f3!<\/div>\n<h4 style=\"text-align: center;\">Az 50 perces <strong>Mikrobiom alap\u00fa \u00e1llapotfelm\u00e9r\u00e9st<\/strong> az SGT teszt mell\u00e9 csomagolt aj\u00e1nd\u00e9kutalv\u00e1nyon szerepl\u0151 kuponk\u00f3d seg\u00edts\u00e9g\u00e9vel tudja ig\u00e9nybe venni az <a href=\"https:\/\/www.biomteam.com\/idopont\">id\u0151pontfoglal\u00f3<\/a> rendszer\u00fcnk\u00f6n kereszt\u00fcl.<\/h4>\n<p>&nbsp;<\/p>\n<p>Amennyiben a v\u00e1s\u00e1rl\u00e1st k\u00f6vet\u0151en seg\u00edts\u00e9gre van sz\u00fcks\u00e9ge az id\u0151pont foglal\u00e1sban, k\u00e9rj\u00fck vegye fel a kapcsolatot a \u00fcgyf\u00e9lszolg\u00e1latunkkal az <a href=\"mailto:info@biomteam.com\">info@biomteam.com<\/a> email c\u00edmen!<\/p>\n<p>A kupon k\u00f3d 2026.12.15-ig \u00e9rv\u00e9nyes.<\/p>\n<h2 dir=\"ltr\" style=\"font-size: 32px;\">A k\u00f6nyvr\u0151l<\/h2>\n<table>\n<tbody>\n<tr>\n<td><img loading=\"lazy\" decoding=\"async\" class=\"alignleft wp-image-3127 size-large\" src=\"https:\/\/shop.biomteam.com\/wp-content\/uploads\/2025\/11\/500gBorito-786x1024.jpg\" alt=\"Bor\u00edt\u00f3: 500 gramm z\u00f6lds\u00e9g mindennap, v\u00e1ltozatosan\" width=\"786\" height=\"1024\" srcset=\"https:\/\/shop.biomteam.com\/wp-content\/uploads\/2025\/11\/500gBorito-786x1024.jpg 786w, https:\/\/shop.biomteam.com\/wp-content\/uploads\/2025\/11\/500gBorito-230x300.jpg 230w, https:\/\/shop.biomteam.com\/wp-content\/uploads\/2025\/11\/500gBorito-768x1000.jpg 768w, https:\/\/shop.biomteam.com\/wp-content\/uploads\/2025\/11\/500gBorito-1179x1536.jpg 1179w, https:\/\/shop.biomteam.com\/wp-content\/uploads\/2025\/11\/500gBorito-324x422.jpg 324w, https:\/\/shop.biomteam.com\/wp-content\/uploads\/2025\/11\/500gBorito-416x542.jpg 416w, https:\/\/shop.biomteam.com\/wp-content\/uploads\/2025\/11\/500gBorito.jpg 1280w\" sizes=\"auto, (max-width: 786px) 100vw, 786px\" \/><\/td>\n<td>C\u00edm: 500 gramm z\u00f6lds\u00e9g mindennap, v\u00e1ltozatosan &#8211; A mikrobiombar\u00e1t \u00e9letm\u00f3d alapjai elm\u00e9letben \u00e9s gyakorlatban<br \/>\nSzerz\u0151: Dr. Schwab Rich\u00e1rd &#8211; Petri N\u00f3ra<br \/>\nKiad\u00f3: Corvina Kiad\u00f3<br \/>\nOldalak sz\u00e1ma: 224<br \/>\nMegjelen\u00e9s: 2025. okt\u00f3ber 28.<br \/>\nK\u00f6t\u00e9s: Kem\u00e9nyt\u00e1bl\u00e1s<br \/>\nISBN: 9789631371550<\/td>\n<\/tr>\n<\/tbody>\n<\/table>\n<details>\n<summary><strong>B\u0151vebben a k\u00f6nyvr\u0151l<\/strong><\/summary>\n<p>Az 50+-os gener\u00e1ci\u00f3 t\u00f6bbs\u00e9g\u00e9t m\u00e1r el\u00e9rik a civiliz\u00e1ci\u00f3s betegs\u00e9gek: p\u00e9ld\u00e1ul a t\u00fals\u00faly, a v\u00e9rnyom\u00e1sprobl\u00e9m\u00e1k vagy az \u00edz\u00fcleti \u00e9s em\u00e9szt\u00e9si panaszok. Az ut\u00f3bbi t\u00edz esztend\u0151ben egyre t\u00f6bbet tudtunk meg arr\u00f3l, hogy ez nagyr\u00e9szt az \u00e9letm\u00f3dunkban \u00e9s a k\u00f6rnyezet\u00fcnkben, nem pedig a g\u00e9njeinkben van k\u00f3dolva. Azaz tudunk tenni ellene. V\u00e1ltoztatni persze neh\u00e9z, \u00e9s k\u00f6nny\u0171 elbukni.<br \/>\nEz a k\u00f6nyv azoknak sz\u00f3l, akik fell\u00e1zadnak az \u201e\u00f6r\u00f6k\u00f6lt sors\u201d ellen, \u00e9s meg akarj\u00e1k \u0151rizni eg\u00e9szs\u00e9g\u00fcket, illetve a bar\u00e1taik \u00e9s szeretteik eg\u00e9szs\u00e9g\u00e9t. Ebben a formabont\u00f3 k\u00f6nyvben kipr\u00f3b\u00e1lt, hasznos \u00e9s finom receptek mellett megismerhetj\u00fck azokat az elm\u00e9leti ismereteket, laikusoknak sz\u00e1nt biok\u00e9miai \u00e9s sejtbiol\u00f3giai magyar\u00e1zatokat, amelyek a tapasztalatunk szerint seg\u00edtenek motiv\u00e1ci\u00f3t gy\u0171jteni a v\u00e1ltoztat\u00e1shoz.<br \/>\nAzok a k\u00e9zik\u00f6nyvek adtak inspir\u00e1ci\u00f3t, amelyeket a kezd\u0151 orvosok hordanak a k\u00f6penyzseb\u00fckben az \u00fcgyeletben: ezekben a r\u00f6vid elm\u00e9let mellett sok-sok gyakorlati \u00fatmutat\u00e1s tal\u00e1lhat\u00f3. A megel\u0151z\u00e9s egyik els\u0151dleges terepe a konyha, ahol \u2013 ak\u00e1r a bulikban is \u2013 a legfontosabb dolgok t\u00f6rt\u00e9nnek. Innen kiindulva pr\u00f3b\u00e1ltunk az \u00ednycsikland\u00f3 \u00e9telek mellett inspir\u00e1l\u00f3 t\u00f6rt\u00e9neteket \u00e9s l\u00e1t\u00e1sm\u00f3dot megosztani a kedves Olvas\u00f3val. Kifejezetten azzal a c\u00e9llal, hogy a k\u00f6z\u00f6s \u00e9tkez\u00e9sek sor\u00e1n tov\u00e1bbadj\u00e1k, majd tov\u00e1bbgondolj\u00e1k \u0151ket. Ha nem is mindennap, de egyre t\u00f6bbsz\u00f6r.<\/p>\n<\/details>\n<h2 dir=\"ltr\">Prom\u00f3ci\u00f3s felt\u00e9telek \u2013 \u201eAj\u00e1nd\u00e9k k\u00f6nyv az SGT teszt mell\u00e9\u201d<\/h2>\n<details>\n<summary><strong>Felt\u00e9telek<\/strong><\/summary>\n<ol>\n<li><b>A prom\u00f3ci\u00f3 szervez\u0151je<\/b><b><br \/>\n<\/b>A prom\u00f3ci\u00f3t a k\u00f6vetkez\u0151 v\u00e1llalkoz\u00e1s szervezi: <b>GutMed Kft.<\/b>, sz\u00e9khely: <b>1022 Budapest, Rib\u00e1ry utca 5.<\/b>, c\u00e9gjegyz\u00e9ksz\u00e1m: <b>01-09-418565<\/b>, ad\u00f3sz\u00e1m: <b>32331709-1-41<\/b> (a tov\u00e1bbiakban: \u201eSzervez\u0151\u201d)<\/li>\n<li><b>A prom\u00f3ci\u00f3 le\u00edr\u00e1sa<br \/>\n<\/b>A Szervez\u0151 a prom\u00f3ci\u00f3 id\u0151tartama alatt minden, <b>SGT teszt<\/b> megv\u00e1s\u00e1rl\u00e1sa eset\u00e9n <b>Dr. Schwab Rich\u00e1rd \u00e1ltal dedik\u00e1lt \u2013 \u201e500 gramm z\u00f6lds\u00e9g mindennap, v\u00e1ltozatosan\u201d c. k\u00f6nyvet adja <\/b>aj\u00e1nd\u00e9kba a v\u00e1s\u00e1rl\u00f3 r\u00e9sz\u00e9re. Az aj\u00e1nd\u00e9k <b>ingyenes<\/b>, k\u00fcl\u00f6n ellen\u00e9rt\u00e9ket nem kell \u00e9rte fizetni.<\/li>\n<li><b>A prom\u00f3ci\u00f3 id\u0151tartama<br \/>\n<\/b>A prom\u00f3ci\u00f3 \u00e9rv\u00e9nyes: <strong>2025.12.01-2025.01.31. k\u00f6z\u00f6tt<\/strong>, vagy a <strong>k\u00e9szlet erej\u00e9ig<\/strong>. A Szervez\u0151 fenntartja a jogot az aj\u00e1nd\u00e9k k\u00e9szlet kimer\u00fcl\u00e9se eset\u00e9n a prom\u00f3ci\u00f3 lez\u00e1r\u00e1s\u00e1ra.<b><br \/>\n<\/b><\/li>\n<li><b>R\u00e9szv\u00e9teli felt\u00e9telek<br \/>\n<\/b>A prom\u00f3ci\u00f3ban minden <b>fogyaszt\u00f3nak min\u0151s\u00fcl\u0151 v\u00e1s\u00e1rl\u00f3<\/b> r\u00e9szt vehet, aki a megjel\u00f6lt id\u0151szakban megv\u00e1s\u00e1rolja a prom\u00f3ci\u00f3ban r\u00e9szt vev\u0151 term\u00e9ket.<\/li>\n<li><b>Az aj\u00e1nd\u00e9k \u00e1tv\u00e9tele<br \/>\n<\/b>Az aj\u00e1nd\u00e9kot a v\u00e1s\u00e1rl\u00f3 az online v\u00e1s\u00e1rl\u00e1st k\u00f6vet\u0151en, az SGT teszttel egy\u00fctt, egy csomagban kapja meg. Az aj\u00e1nd\u00e9k k\u00e9szp\u00e9nzre nem v\u00e1lthat\u00f3, \u00e9s m\u00e1s kedvezm\u00e9nnyel nem \u00f6sszevonhat\u00f3.<\/li>\n<li><b>El\u00e1ll\u00e1si jog, csere \u00e9s visszak\u00fcld\u00e9s<br \/>\n<\/b>Mivel az SGT-teszttel kapcsolatos szolg\u00e1ltat\u00e1s (\u00e9rt\u00e9kes\u00edt\u00e9s) eg\u00e9szs\u00e9g\u00fcgyi tev\u00e9kenys\u00e9gnek min\u0151s\u00fcl, ez\u00e9rt ezen szolg\u00e1ltat\u00e1sra nem vonatkozik a fogyaszt\u00f3 \u00e9s a v\u00e1llalkoz\u00e1s k\u00f6z\u00f6tti szerz\u0151d\u00e9s r\u00e9szletes szab\u00e1lyair\u00f3l sz\u00f3l\u00f3 45\/2014. (II. 26.) Korm. rendelet szab\u00e1lyai, \u00edgy t\u00f6bbek k\u00f6z\u00f6tt a v\u00e1s\u00e1rl\u00f3nak el\u00e1ll\u00e1si joga sincs. K\u00e9rj\u00fck, ennek figyelembev\u00e9tel\u00e9vel adja le megrendel\u00e9s\u00e9t.<\/li>\n<li><b>Egy\u00e9b rendelkez\u00e9sek<br \/>\n<\/b>A prom\u00f3ci\u00f3ban val\u00f3 r\u00e9szv\u00e9tel a felt\u00e9telek automatikus elfogad\u00e1s\u00e1t jelenti. A Szervez\u0151 fenntartja a jogot a felt\u00e9telek m\u00f3dos\u00edt\u00e1s\u00e1ra, amelyet el\u0151zetesen k\u00f6zz\u00e9tesz.<\/li>\n<\/ol>\n<\/details>\n<h2 dir=\"ltr\">Az SGT tesztr\u0151l<\/h2>\n<p dir=\"ltr\">A n\u00e1lunk el\u00e9rhet\u0151 SGT teszt a hum\u00e1n mikrobiom eg\u00e9sz\u00e9t vizsg\u00e1lja, \u00edgy teljes k\u00e9pet ad az intesztin\u00e1lis mikroorganizmus k\u00f6z\u00f6ss\u00e9gr\u0151l. A DNS szekven\u00e1l\u00e1s elj\u00e1r\u00e1ssal a belekben vel\u00fcnk egy\u00fctt \u00e9l\u0151 300 \u00e9s 1000 k\u00f6z\u00e9 tehet\u0151 bakt\u00e9riumfajok mindegyik\u00e9t felt\u00e9rk\u00e9pezz\u00fck, \u00edgy teljes k\u00e9pet kapunk a mikrobiom soksz\u00edn\u0171s\u00e9g\u00e9r\u0151l, faj gazdags\u00e1g\u00e1r\u00f3l, valamint az egyes fajok egym\u00e1shoz viszony\u00edtott ar\u00e1ny\u00e1r\u00f3l. Ellent\u00e9tben a m\u00e1s szolg\u00e1ltat\u00f3kn\u00e1l el\u00e9rhet\u0151, a legfontosabbnak tartott bakt\u00e9riumokat c\u00e9lzottan vizsg\u00e1l\u00f3 tesztekkel, a n\u00e1lunk v\u00e9gzett SGT vizsg\u00e1lat eset\u00e9ben egy teljes hum\u00e1n mikrobiom t\u00e9rk\u00e9p k\u00e9sz\u00fcl.<\/p>\n<p dir=\"ltr\"><strong>Az al\u00e1bbi vide\u00f3ban elmondjuk, hogy mi\u00e9rt sz\u00fcks\u00e9ges \u00e1llapotfelm\u00e9r\u00e9ssel egy\u00fctt megv\u00e1s\u00e1rolni a mikrobiom tesztet? <\/strong>Az \u00e1llapotfelm\u00e9r\u00e9s sor\u00e1n a panaszok, k\u00f3rel\u0151zm\u00e9ny, klinikai t\u00fcnetek \u00e9s a csal\u00e1di anamn\u00e9zis felv\u00e9tel\u00e9n t\u00fal azonos\u00edtjuk az egy\u00e9ni, mikrobiom eredet\u0171 re\u00e1lis kock\u00e1zatokat, melyek a mikrobiom lelet \u00e9rt\u00e9kel\u00e9s\u00e9hez elengedhetetlenek.<br \/>\nEkkor ker\u00fclnek kijel\u00f6l\u00e9sre azok a tov\u00e1bbi vizsg\u00e1latok is, amelyek a szem\u00e9lyre szabott ter\u00e1pia alapj\u00e1t k\u00e9pezik a k\u00e9s\u0151bbiekben.<\/p>\n<p><iframe loading=\"lazy\" title=\"Ki v\u00e9gzi az \u00e1llapotfelm\u00e9r\u00e9st?\" width=\"980\" height=\"551\" src=\"https:\/\/www.youtube.com\/embed\/wp0qaGENH0M?feature=oembed\" frameborder=\"0\" allow=\"accelerometer; autoplay; clipboard-write; encrypted-media; gyroscope; picture-in-picture; web-share\" referrerpolicy=\"strict-origin-when-cross-origin\" allowfullscreen><\/iframe><\/p>\n<p>Klinik\u00e1nk egyik kiemelked\u0151 jelent\u0151s\u00e9g\u0171 szolg\u00e1ltat\u00e1sa a sz\u00e9klet genomikai vizsg\u00e1lat, vagy m\u00e1s n\u00e9ven mikrobiom teszt t\u00f6bb eg\u00e9szs\u00e9g\u00fcgyi szolg\u00e1ltat\u00f3n\u00e1l el\u00e9rhet\u0151, de nem ugyanaz a szolg\u00e1ltat\u00e1s rejlik az egyes vizsg\u00e1latok m\u00f6g\u00f6tt. Az al\u00e1bbi vide\u00f3ban elmondjuk, hogy\u00a0miben k\u00fcl\u00f6nb\u00f6zik a klinik\u00e1nk \u00e1ltal k\u00edn\u00e1lt teszt m\u00e1s tesztekt\u0151l.<\/p>\n<p><iframe loading=\"lazy\" title=\"Mit ny\u00fajt a n\u00e1lunk el\u00e9rhet\u0151 Sz\u00e9klet Genomikai Teszt?\" width=\"980\" height=\"551\" src=\"https:\/\/www.youtube.com\/embed\/NHu0f6CcnR8?feature=oembed\" frameborder=\"0\" allow=\"accelerometer; autoplay; clipboard-write; encrypted-media; gyroscope; picture-in-picture; web-share\" referrerpolicy=\"strict-origin-when-cross-origin\" allowfullscreen><\/iframe><\/p>\n<p>Hogyan v\u00e9gezze el a mintav\u00e9telt? A minta elemz\u00e9se alapj\u00e1n t\u00f6rt\u00e9nik a b\u00e9lfl\u00f3ra pontos felt\u00e9rk\u00e9pez\u00e9se, \u00e9s egy c\u00e9lzott, szem\u00e9lyre szabott di\u00e9t\u00e1s \u00e9s \u00e9letm\u00f3dbeli v\u00e1lt\u00e1s tervez\u00e9se. Ehhez azonban elengedhetetlen a megfelel\u0151 mintav\u00e9tel. Most elmondjuk, hogy mire \u00fcgyeljen, hogy a minta megfelel\u0151 legyen, \u00e9s ne kelljen megism\u00e9telni.<\/p>\n<p><iframe loading=\"lazy\" title=\"Hogyan t\u00f6rt\u00e9njen a helyes mintav\u00e9tel az SGT teszthez? Amit a mintav\u00e9tel el\u0151tt tudni kell.\" width=\"980\" height=\"551\" src=\"https:\/\/www.youtube.com\/embed\/K6tDrpwD4tE?feature=oembed\" frameborder=\"0\" allow=\"accelerometer; autoplay; clipboard-write; encrypted-media; gyroscope; picture-in-picture; web-share\" referrerpolicy=\"strict-origin-when-cross-origin\" allowfullscreen><\/iframe><\/p>\n<p>&nbsp;<\/p>\n","protected":false},"excerpt":{"rendered":"<p>M\u00e9g nem volt \u00e1llapotfelm\u00e9r\u00e9se a BiomTeam-n\u00e9l? V\u00e1lassza az \u00e1llapotfelm\u00e9r\u00e9s + SGT akci\u00f3s csomagunkat (195.900 Ft helyett 189.900 Ft-\u00e9rt), \u00e9s \u00d6n\u00e9 az aj\u00e1nd\u00e9k dedik\u00e1lt k\u00f6nyv d\u00edjmentesen! Ne maradjon le err\u0151l az egyed\u00fcl\u00e1ll\u00f3 lehet\u0151s\u00e9gr\u0151l! M\u00e1r volt \u00e1llapotfelm\u00e9r\u00e9se? Kattintson ide. Az aj\u00e1nlat a k\u00e9szlet erej\u00e9ig \u00e9rv\u00e9nyes \u00e9s m\u00e1s akci\u00f3kkal nem \u00f6sszevonhat\u00f3! Az 50 perces Mikrobiom alap\u00fa \u00e1llapotfelm\u00e9r\u00e9st az [&hellip;]<\/p>\n","protected":false},"featured_media":3136,"template":"","meta":{"_acf_changed":false},"product_brand":[],"product_cat":[15],"product_tag":[],"class_list":{"0":"post-3108","1":"product","2":"type-product","3":"status-publish","4":"has-post-thumbnail","6":"product_cat-tesztek","8":"first","9":"instock","10":"sale","11":"shipping-taxable","12":"purchasable","13":"product-type-simple"},"acf":[],"aioseo_notices":[],"_links":{"self":[{"href":"https:\/\/shop.biomteam.com\/en\/wp-json\/wp\/v2\/product\/3108","targetHints":{"allow":["GET"]}}],"collection":[{"href":"https:\/\/shop.biomteam.com\/en\/wp-json\/wp\/v2\/product"}],"about":[{"href":"https:\/\/shop.biomteam.com\/en\/wp-json\/wp\/v2\/types\/product"}],"wp:featuredmedia":[{"embeddable":true,"href":"https:\/\/shop.biomteam.com\/en\/wp-json\/wp\/v2\/media\/3136"}],"wp:attachment":[{"href":"https:\/\/shop.biomteam.com\/en\/wp-json\/wp\/v2\/media?parent=3108"}],"wp:term":[{"taxonomy":"product_brand","embeddable":true,"href":"https:\/\/shop.biomteam.com\/en\/wp-json\/wp\/v2\/product_brand?post=3108"},{"taxonomy":"product_cat","embeddable":true,"href":"https:\/\/shop.biomteam.com\/en\/wp-json\/wp\/v2\/product_cat?post=3108"},{"taxonomy":"product_tag","embeddable":true,"href":"https:\/\/shop.biomteam.com\/en\/wp-json\/wp\/v2\/product_tag?post=3108"}],"curies":[{"name":"wp","href":"https:\/\/api.w.org\/{rel}","templated":true}]}}